{"id":55783,"date":"2022-02-15T22:47:08","date_gmt":"2022-02-15T21:47:08","guid":{"rendered":"https:\/\/www.lifestylehotels.net\/?post_type=hotels&#038;p=55783"},"modified":"2025-10-21T10:08:37","modified_gmt":"2025-10-21T08:08:37","slug":"es-raco-darta","status":"publish","type":"hotels","link":"https:\/\/www.lifestylehotels.net\/de\/hotel\/es-raco-darta\/","title":{"rendered":"Es Rac\u00f3 D\u2019Art\u00e0"},"content":{"rendered":"\n<h2 class=\"wp-block-heading\">Erwecke deine Sinne<\/h2>\n\n\n\n<p>Am Rande des Nationalparks&nbsp;der Halbinsel von Llevant nahe des St\u00e4dtchens <strong>Art\u00e0&nbsp;im Nordosten Mallorcas<\/strong> hat der bekannte mallorquinische <strong>Architekt Toni Esteva<\/strong> ein Wellnesshotel der Extraklasse erschaffen &#8211;&nbsp;<a href=\"https:\/\/de.esracodarta.com\/#descubre\" target=\"_blank\" rel=\"noreferrer noopener\">Es Rac\u00f3 D\u2019Art\u00e0<\/a>. Ein R\u00fcckzugsort voller Farbe und Textur, einzigartigem Geruch und Geschmack, Kl\u00e4ngen der Natur, eleganter Kunst und minimalistischer Architektur.<\/p>\n\n\n\n<p>Neben dem klassischen mallorquinischen Leben bietet das Es Rac\u00f3 D\u2019Art\u00e0 eine Vielzahl an Workshops aus Kulinarik, Landwirtschaft, Handarbeit, Meditation und Yoga. Alleine oder in der Gruppe k\u00f6nnen die G\u00e4ste die Umgebung zu Fu\u00df, mit dem Fahrrad oder auf dem Pferder\u00fccken erkunden. Danach bietet der Spa- und Wellnessbereich mit Whirlpool und Sauna den perfekten Ort um zu Ruhe zu kommen.<\/p>\n\n\n\n<figure class=\"wp-block-gallery has-nested-images columns-default is-cropped wp-block-gallery-1 is-layout-flex wp-block-gallery-is-layout-flex\">\n<figure class=\"wp-block-image size-large is-style-default\"><img decoding=\"async\" width=\"1080\" height=\"1355\" data-id=\"66552\" src=\"https:\/\/www.lifestylehotels.net\/wp-content\/uploads\/2022\/02\/EsRaco_09-Kopie-2.jpg\" alt=\"Es Rac\u00f3 D\u2019Art\u00e0 - Natur\" class=\"wp-image-66552\" srcset=\"https:\/\/www.lifestylehotels.net\/wp-content\/uploads\/2022\/02\/EsRaco_09-Kopie-2.jpg 1080w, https:\/\/www.lifestylehotels.net\/wp-content\/uploads\/2022\/02\/EsRaco_09-Kopie-2-768x964.jpg 768w, https:\/\/www.lifestylehotels.net\/wp-content\/uploads\/2022\/02\/EsRaco_09-Kopie-2-360x452.jpg 360w\" sizes=\"(max-width: 1080px) 100vw, 1080px\" \/><\/figure>\n\n\n\n<figure class=\"wp-block-image size-large is-style-default\"><img decoding=\"async\" width=\"1080\" height=\"1355\" data-id=\"66570\" src=\"https:\/\/www.lifestylehotels.net\/wp-content\/uploads\/2022\/02\/EsRaco_21.jpg\" alt=\"Es Rac\u00f3 D\u2019Art\u00e0 - Natur\" class=\"wp-image-66570\" srcset=\"https:\/\/www.lifestylehotels.net\/wp-content\/uploads\/2022\/02\/EsRaco_21.jpg 1080w, https:\/\/www.lifestylehotels.net\/wp-content\/uploads\/2022\/02\/EsRaco_21-768x964.jpg 768w, https:\/\/www.lifestylehotels.net\/wp-content\/uploads\/2022\/02\/EsRaco_21-360x452.jpg 360w\" sizes=\"(max-width: 1080px) 100vw, 1080px\" \/><\/figure>\n\n\n\n<figure class=\"wp-block-image size-large is-style-default\"><img decoding=\"async\" width=\"1080\" height=\"1355\" data-id=\"66554\" src=\"https:\/\/www.lifestylehotels.net\/wp-content\/uploads\/2022\/02\/EsRaco_10-Kopie-2.jpg\" alt=\"Es Rac\u00f3 D\u2019Art\u00e0 - Natur\" class=\"wp-image-66554\" srcset=\"https:\/\/www.lifestylehotels.net\/wp-content\/uploads\/2022\/02\/EsRaco_10-Kopie-2.jpg 1080w, https:\/\/www.lifestylehotels.net\/wp-content\/uploads\/2022\/02\/EsRaco_10-Kopie-2-768x964.jpg 768w, https:\/\/www.lifestylehotels.net\/wp-content\/uploads\/2022\/02\/EsRaco_10-Kopie-2-360x452.jpg 360w\" sizes=\"(max-width: 1080px) 100vw, 1080px\" \/><\/figure>\n<\/figure>\n\n\n\n<h2 class=\"wp-block-heading\">Inspiriert von den Urspr\u00fcngen Mallorcas<\/h2>\n\n\n\n<p>Das alte mallorquinische Anwesen aus dem 13. Jahrhundert ist ein gro\u00dfartiges <strong>Projekt von Natur, Kultur und<\/strong> <strong>Nachhaltigkeit<\/strong>. Auf fast 200 Hektar Land finden sich neben der Hotelanlage Weinberge, Obstg\u00e4rten, Weizenfelder und Bienenst\u00f6cke f\u00fcr die eigene Honigproduktion. Ein Ort, um mit sich und seiner Umgebung in Verbindung zu treten und <strong>neue spirituelle Wege zu beschreiten<\/strong>.<\/p>\n\n\n\n<p>Die 34 Doppelzimmer verteilen sich, teils im Hauptgeb\u00e4ude, teils in Casitas mit privatem Pool, auf dem gesamten Gel\u00e4nde. Minimalistisches Design und edle, nat\u00fcrliche Materialien pr\u00e4gen das Interior und spiegeln den Einklang mit der Natur wieder. Auch die <strong>\u00f6kologische und regionale Vielfalt<\/strong> findet man am gesamten Areal wieder \u2013 im hoteleigenen Restaurant in Form von traditionell mediterraner K\u00fcche.<\/p>\n\n\n\n<figure class=\"wp-block-video\"><video controls src=\"https:\/\/www.lifestylehotels.net\/wp-content\/uploads\/2024\/01\/ESRACO-Imagefilm2022-16to9_komprimiert.mp4\"><\/video><\/figure>\n\n\n\n<h2 class=\"wp-block-heading\">Best Room &#8211; Casita mit Privatpool<\/h2>\n\n\n\n<figure class=\"wp-block-image size-full\"><img decoding=\"async\" width=\"1920\" height=\"1080\" src=\"https:\/\/www.lifestylehotels.net\/wp-content\/uploads\/2022\/02\/EsRaco_Slider_04.jpg\" alt=\"Es Rac\u00f3 D\u2019Art\u00e0 - Best Room\" class=\"wp-image-66528\" srcset=\"https:\/\/www.lifestylehotels.net\/wp-content\/uploads\/2022\/02\/EsRaco_Slider_04.jpg 1920w, https:\/\/www.lifestylehotels.net\/wp-content\/uploads\/2022\/02\/EsRaco_Slider_04-768x432.jpg 768w, https:\/\/www.lifestylehotels.net\/wp-content\/uploads\/2022\/02\/EsRaco_Slider_04-1536x864.jpg 1536w, https:\/\/www.lifestylehotels.net\/wp-content\/uploads\/2022\/02\/EsRaco_Slider_04-360x203.jpg 360w\" sizes=\"(max-width: 1920px) 100vw, 1920px\" \/><\/figure>\n\n\n\n<p>Genie\u00dfen Sie Privatsph\u00e4re und Exklusivit\u00e4t in Ihrer 50 m2 <a href=\"https:\/\/engine.witbooking.com\/esracodarta.com\/availability\/?expand=esracodarta.com,CasitaPPM&amp;datein=28-01-2022&amp;dateout=29-01-2022&amp;ninos=0&amp;adults=2&amp;entityType=accommodation\" target=\"_blank\" rel=\"noreferrer noopener\">Casita mit privatem Pool<\/a>. Wachen Sie zum Rauschen des Wassers auf und erfrischen Sie sich mit einem Sprung in k\u00fchle Nass. Nach einem ereignisreichen Tag kann man im 70 m2 Au\u00dfenbereich zur Ruhe kommen. Genie\u00dfen Sie die warmen Sonnenstrahlen auf der Terrasse, lesen Sie ein Buch unter dem freien Sternenhimmel oder machen Sie es sich im balinesischen Bett gem\u00fctlich.<\/p>\n","protected":false},"excerpt":{"rendered":"<p>Am Rande des Nationalparks\u00a0der Halbinsel von Llevant nahe des St\u00e4dtchens Art\u00e0\u00a0im Nordosten Mallorcas hat der bekannte mallorquinische Architekt Toni Esteva ein Wellnesshotel der Extraklasse erschaffen &#8211;\u00a0Es Rac\u00f3 D\u2019Art\u00e0. Ein R\u00fcckzugsort voller Farbe und Textur, einzigartigem Geruch und Geschmack, Kl\u00e4ngen der Natur, eleganter Kunst und minimalistischer Architektur.<\/p>\n","protected":false},"featured_media":66595,"template":"","meta":{"inline_featured_image":false},"acf":[],"yoast_head":"<!-- This site is optimized with the Yoast SEO plugin v21.9.1 - https:\/\/yoast.com\/wordpress\/plugins\/seo\/ -->\n<title>Es Rac\u00f3 D\u2019Art\u00e0 - Lifestylehotels\u2122<\/title>\n<meta name=\"description\" content=\"\u00a0im Nordosten Mallorcas hat der bekannte mallorquinische Architekt Toni Esteva ein Wellnesshotel der Extraklasse erschaffen -\u00a0Es Rac\u00f3 D\u2019Art\u00e0.\" \/>\n<meta name=\"robots\" content=\"index, follow, max-snippet:-1, max-image-preview:large, max-video-preview:-1\" \/>\n<link rel=\"canonical\" href=\"https:\/\/www.lifestylehotels.net\/de\/hotel\/es-raco-darta\/\" \/>\n<meta property=\"og:locale\" content=\"de_DE\" \/>\n<meta property=\"og:type\" content=\"article\" \/>\n<meta property=\"og:title\" content=\"Es Rac\u00f3 D\u2019Art\u00e0 - Lifestylehotels\u2122\" \/>\n<meta property=\"og:description\" content=\"\u00a0im Nordosten Mallorcas hat der bekannte mallorquinische Architekt Toni Esteva ein Wellnesshotel der Extraklasse erschaffen -\u00a0Es Rac\u00f3 D\u2019Art\u00e0.\" \/>\n<meta property=\"og:url\" content=\"https:\/\/www.lifestylehotels.net\/de\/hotel\/es-raco-darta\/\" \/>\n<meta property=\"og:site_name\" content=\"Lifestylehotels\u2122\" \/>\n<meta property=\"article:modified_time\" content=\"2025-10-21T08:08:37+00:00\" \/>\n<meta property=\"og:image\" content=\"https:\/\/www.lifestylehotels.net\/wp-content\/uploads\/2022\/02\/EsRaco_Vorschaubild_05.jpg\" \/>\n\t<meta property=\"og:image:width\" content=\"1040\" \/>\n\t<meta property=\"og:image:height\" content=\"1388\" \/>\n\t<meta property=\"og:image:type\" content=\"image\/jpeg\" \/>\n<meta name=\"twitter:card\" content=\"summary_large_image\" \/>\n<meta name=\"twitter:label1\" content=\"Gesch\u00e4tzte Lesezeit\" \/>\n\t<meta name=\"twitter:data1\" content=\"11\u00a0Minuten\" \/>\n<script type=\"application\/ld+json\" class=\"yoast-schema-graph\">{\"@context\":\"https:\/\/schema.org\",\"@graph\":[{\"@type\":\"WebPage\",\"@id\":\"https:\/\/www.lifestylehotels.net\/de\/hotel\/es-raco-darta\/\",\"url\":\"https:\/\/www.lifestylehotels.net\/de\/hotel\/es-raco-darta\/\",\"name\":\"Es Rac\u00f3 D\u2019Art\u00e0 - Lifestylehotels\u2122\",\"isPartOf\":{\"@id\":\"https:\/\/www.lifestylehotels.net\/de\/#website\"},\"datePublished\":\"2022-02-15T21:47:08+00:00\",\"dateModified\":\"2025-10-21T08:08:37+00:00\",\"description\":\"\u00a0im Nordosten Mallorcas hat der bekannte mallorquinische Architekt Toni Esteva ein Wellnesshotel der Extraklasse erschaffen -\u00a0Es Rac\u00f3 D\u2019Art\u00e0.\",\"breadcrumb\":{\"@id\":\"https:\/\/www.lifestylehotels.net\/de\/hotel\/es-raco-darta\/#breadcrumb\"},\"inLanguage\":\"de\",\"potentialAction\":[{\"@type\":\"ReadAction\",\"target\":[\"https:\/\/www.lifestylehotels.net\/de\/hotel\/es-raco-darta\/\"]}]},{\"@type\":\"BreadcrumbList\",\"@id\":\"https:\/\/www.lifestylehotels.net\/de\/hotel\/es-raco-darta\/#breadcrumb\",\"itemListElement\":[{\"@type\":\"ListItem\",\"position\":1,\"name\":\"Startseite\",\"item\":\"https:\/\/www.lifestylehotels.net\/de\/\"},{\"@type\":\"ListItem\",\"position\":2,\"name\":\"Es Rac\u00f3 D\u2019Art\u00e0\"}]},{\"@type\":\"WebSite\",\"@id\":\"https:\/\/www.lifestylehotels.net\/de\/#website\",\"url\":\"https:\/\/www.lifestylehotels.net\/de\/\",\"name\":\"Lifestylehotels\u2122\",\"description\":\"\",\"potentialAction\":[{\"@type\":\"SearchAction\",\"target\":{\"@type\":\"EntryPoint\",\"urlTemplate\":\"https:\/\/www.lifestylehotels.net\/de\/?s={search_term_string}\"},\"query-input\":\"required name=search_term_string\"}],\"inLanguage\":\"de\"}]}<\/script>\n<!-- \/ Yoast SEO plugin. -->","yoast_head_json":{"title":"Es Rac\u00f3 D\u2019Art\u00e0 - Lifestylehotels\u2122","description":"\u00a0im Nordosten Mallorcas hat der bekannte mallorquinische Architekt Toni Esteva ein Wellnesshotel der Extraklasse erschaffen -\u00a0Es Rac\u00f3 D\u2019Art\u00e0.","robots":{"index":"index","follow":"follow","max-snippet":"max-snippet:-1","max-image-preview":"max-image-preview:large","max-video-preview":"max-video-preview:-1"},"canonical":"https:\/\/www.lifestylehotels.net\/de\/hotel\/es-raco-darta\/","og_locale":"de_DE","og_type":"article","og_title":"Es Rac\u00f3 D\u2019Art\u00e0 - Lifestylehotels\u2122","og_description":"\u00a0im Nordosten Mallorcas hat der bekannte mallorquinische Architekt Toni Esteva ein Wellnesshotel der Extraklasse erschaffen -\u00a0Es Rac\u00f3 D\u2019Art\u00e0.","og_url":"https:\/\/www.lifestylehotels.net\/de\/hotel\/es-raco-darta\/","og_site_name":"Lifestylehotels\u2122","article_modified_time":"2025-10-21T08:08:37+00:00","og_image":[{"width":1040,"height":1388,"url":"https:\/\/www.lifestylehotels.net\/wp-content\/uploads\/2022\/02\/EsRaco_Vorschaubild_05.jpg","type":"image\/jpeg"}],"twitter_card":"summary_large_image","twitter_misc":{"Gesch\u00e4tzte Lesezeit":"11\u00a0Minuten"},"schema":{"@context":"https:\/\/schema.org","@graph":[{"@type":"WebPage","@id":"https:\/\/www.lifestylehotels.net\/de\/hotel\/es-raco-darta\/","url":"https:\/\/www.lifestylehotels.net\/de\/hotel\/es-raco-darta\/","name":"Es Rac\u00f3 D\u2019Art\u00e0 - Lifestylehotels\u2122","isPartOf":{"@id":"https:\/\/www.lifestylehotels.net\/de\/#website"},"datePublished":"2022-02-15T21:47:08+00:00","dateModified":"2025-10-21T08:08:37+00:00","description":"\u00a0im Nordosten Mallorcas hat der bekannte mallorquinische Architekt Toni Esteva ein Wellnesshotel der Extraklasse erschaffen -\u00a0Es Rac\u00f3 D\u2019Art\u00e0.","breadcrumb":{"@id":"https:\/\/www.lifestylehotels.net\/de\/hotel\/es-raco-darta\/#breadcrumb"},"inLanguage":"de","potentialAction":[{"@type":"ReadAction","target":["https:\/\/www.lifestylehotels.net\/de\/hotel\/es-raco-darta\/"]}]},{"@type":"BreadcrumbList","@id":"https:\/\/www.lifestylehotels.net\/de\/hotel\/es-raco-darta\/#breadcrumb","itemListElement":[{"@type":"ListItem","position":1,"name":"Startseite","item":"https:\/\/www.lifestylehotels.net\/de\/"},{"@type":"ListItem","position":2,"name":"Es Rac\u00f3 D\u2019Art\u00e0"}]},{"@type":"WebSite","@id":"https:\/\/www.lifestylehotels.net\/de\/#website","url":"https:\/\/www.lifestylehotels.net\/de\/","name":"Lifestylehotels\u2122","description":"","potentialAction":[{"@type":"SearchAction","target":{"@type":"EntryPoint","urlTemplate":"https:\/\/www.lifestylehotels.net\/de\/?s={search_term_string}"},"query-input":"required name=search_term_string"}],"inLanguage":"de"}]}},"jetpack_sharing_enabled":true,"_links":{"self":[{"href":"https:\/\/www.lifestylehotels.net\/de\/wp-json\/wp\/v2\/hotels\/55783"}],"collection":[{"href":"https:\/\/www.lifestylehotels.net\/de\/wp-json\/wp\/v2\/hotels"}],"about":[{"href":"https:\/\/www.lifestylehotels.net\/de\/wp-json\/wp\/v2\/types\/hotels"}],"version-history":[{"count":32,"href":"https:\/\/www.lifestylehotels.net\/de\/wp-json\/wp\/v2\/hotels\/55783\/revisions"}],"predecessor-version":[{"id":1064837,"href":"https:\/\/www.lifestylehotels.net\/de\/wp-json\/wp\/v2\/hotels\/55783\/revisions\/1064837"}],"wp:featuredmedia":[{"embeddable":true,"href":"https:\/\/www.lifestylehotels.net\/de\/wp-json\/wp\/v2\/media\/66595"}],"wp:attachment":[{"href":"https:\/\/www.lifestylehotels.net\/de\/wp-json\/wp\/v2\/media?parent=55783"}],"curies":[{"name":"wp","href":"https:\/\/api.w.org\/{rel}","templated":true}]}}